{"id":2118,"date":"2016-08-25T11:51:29","date_gmt":"2016-08-25T07:51:29","guid":{"rendered":"http:\/\/ich.md\/?page_id=2118"},"modified":"2016-08-25T11:55:29","modified_gmt":"2016-08-25T07:55:29","slug":"sectia-minoritati-etnice","status":"publish","type":"page","link":"https:\/\/ich.md\/?page_id=2118","title":{"rendered":"Sec\u0163ia Minorit\u0103\u0163i Etnice"},"content":{"rendered":"<p>Sec\u0163ia Minorit\u0103\u0163i Etnice include Sectoarele \u015fi Grupele:<\/p>\n<ul>\n<li>Etnologia Ucrainenilor.<\/li>\n<li>Etnologia Ru\u015filor.<\/li>\n<li>Etnologia G\u0103g\u0103uzilor.<\/li>\n<li>Etnologia Bulgarilor.<\/li>\n<li>Etnologia Evreilor.<\/li>\n<li>Etnologia Romilor.<\/li>\n<\/ul>\n<p style=\"text-align: left;\"><b>\u015eef <\/b><b>al Sec\u0163iei \u2013<\/b>\u00a0 <b>Dr. Ion DUMINICA<\/b>.<\/p>\n<p style=\"text-align: center;\"><strong>Succint\u0103 istorie a Sec\u0163iei Minorit\u0103\u0163i Etnice<\/strong><\/p>\n<p>\u015eef al Sec\u0163iei \u2013 Dr. Ion DUMINICA \u2013 doctor \u00een politologie, specialist \u00een istorie \u015fi etnologie.<br \/>\nSec\u0163ia \u201eMinorit\u0103\u0163i Etnice\u201d a fost creat\u0103 la 09 august 2006 \u00een cadrul Centrului de Etnologie al Institutului Patrimoniului Cultural al A\u015eM, dup\u0103 reorganizarea prin contopire a 3 institu\u0163ii \u015ftiin\u0163ifice de profil academic: Institutul de Cercet\u0103ri Interetnice, Institutul de Arheologie \u015fi Etnografie, Institutul Studiul Artelor (\u00een baza Hot\u0103r\u00e2rii Guvernului Republicii Moldova nr. 1326 din 14.12.2005 \u201eCu privire la m\u0103surile de optimizare a infrastructurii sferei \u015ftiin\u0163ei \u015fi inov\u0103rii\u201d). Direc\u0163ia dat\u0103 a fost fondat\u0103 ca institu\u0163ie \u015ftiin\u0163ific\u0103 academic\u0103 pentru cercetarea diverselor aspecte legate de istoria \u015fi tradi\u0163iile culturale ale minorit\u0103\u0163ilor na\u0163ionale din Republica Moldova (de la prima lor atestare p\u00e2n\u0103 \u00een prezent). Astfel pentru prima dat\u0103 \u00een is\u00actoria Moldovei a fost ini\u0163iat\u0103 o subdiviziune \u015ftiin\u0163ific\u0103 spe\u00accial\u0103, predestinat\u0103 s\u0103 efectueze investiga\u0163ii \u00een domeniului Etnologiei, prin prisma studierii multilaterale a culturii imateriale \u015fi patrimoniului etnografic mobil al comunit\u0103\u0163ilor etnice conlocuitoare din Republica Moldova: ucraineni, ru\u015fi, g\u0103g\u0103uzi, bulgari, romi, evrei.<br \/>\nSec\u0163ia \u201eMinorit\u0103\u0163i etnice\u201d a acordat \u00een ultimii ani o aten\u0163ie sporit\u0103 cercet\u0103rii proceselor de interferen\u0163e etnoculturale din spa\u0163iul est, central \u015fi sud-est european \u015fi aspectelor etnoistorice, etnopsihologice, etnosociale, etnolingvistice ale comunit\u0103\u0163ilor etnice conlocuitoare, aportului cultural al minorit\u0103\u0163ilor etnice la conservarea \u015fi promovarea patrimoniului etnografic al Republicii Moldova. \u00cen baza cercet\u0103rilor etnografice de teren \u015fi analizei interdisciplinare a materialelor \u015ftiin\u0163ifice cu caracter etnologic, colaboratorii \u015ftiin\u0163ifici ai Sec\u0163iei \u201eMinorit\u0103\u0163i etnice\u201d au ob\u0163inut rezultate esen\u0163iale noi privitor la studierea originii, evolu\u0163iei istorice, tradi\u0163iilor, culturii materiale \u015fi imateriale ale comunit\u0103\u0163ilor etnice conlocuitoare din Republica Moldova: ucraineni, ru\u015fi, g\u0103g\u0103uzi, bulgari, romi, evrei.<br \/>\nMisiunea Sec\u0163iei \u201eMinorit\u0103\u0163i etnice\u201d const\u0103 \u00een efectuarea cercet\u0103rilor teoretice \u015fi elaborarea recomand\u0103rilor practice pentru fundamentarea \u015ftiin\u0163ific\u0103 a politicilor statului \u00een domeniul politicii na\u0163ionale \u015fi conserv\u0103rii patrimoniului etnografic mobil \u015fi imaterial al Republicii Moldova prezent \u00een comunit\u0103\u0163ile etnice conlocuitoare.<br \/>\nActualitatea teoretic\u0103. Cercet\u0103rile etnologice efectuate p\u00e2n\u0103 \u00een prezent au demonstrat c\u0103 teritoriul Pruto-nistrean a constituit zon\u0103 de interferen\u0163e \u015fi confluen\u0163e culturale \u015fi demografice \u00eentre elementele locale \u015fi curentele cultural-istorice est, central \u015fi sud-est europene. Elucidarea comprehensiv\u0103 a acestor procese \u00een spa\u0163iul Pruto-nistrean, caracterul \u015fi consecin\u0163ele lor etnoculturale vor completa imaginea istorico-cultural\u0103 european\u0103 a Republicii Moldova.<br \/>\nActualitatea practic\u0103. \u00cen condi\u0163iile aspira\u0163iilor proeuropene a Republicii Moldova, este necesar\u0103 estimarea capacit\u0103\u0163ii de integrare a \u0163\u0103rii \u00een spa\u0163iul multicultural european. Rezultatele cercet\u0103rilor etnologice contribuie la fundamentarea \u015ftiin\u0163ific\u0103 a politicilor de stat \u00een domeniul etnocultural, la fortificarea spiritului identitar na\u0163ional \u015fi european a cet\u0103\u0163enilor Republicii Moldova.<\/p>\n","protected":false},"excerpt":{"rendered":"<p>Sec\u0163ia Minorit\u0103\u0163i Etnice include Sectoarele \u015fi Grupele: Etnologia Ucrainenilor. Etnologia Ru\u015filor. Etnologia G\u0103g\u0103uzilor. Etnologia Bulgarilor. Etnologia Evreilor. Etnologia Romilor. \u015eef al Sec\u0163iei \u2013\u00a0 Dr. Ion<span class=\"read-more-link\"><a class=\"read-more\" href=\"https:\/\/ich.md\/?page_id=2118\">Read More<\/a><\/span><\/p>\n","protected":false},"author":2,"featured_media":0,"parent":0,"menu_order":0,"comment_status":"closed","ping_status":"closed","template":"","meta":[],"_links":{"self":[{"href":"https:\/\/ich.md\/index.php?rest_route=\/wp\/v2\/pages\/2118"}],"collection":[{"href":"https:\/\/ich.md\/index.php?rest_route=\/wp\/v2\/pages"}],"about":[{"href":"https:\/\/ich.md\/index.php?rest_route=\/wp\/v2\/types\/page"}],"author":[{"embeddable":true,"href":"https:\/\/ich.md\/index.php?rest_route=\/wp\/v2\/users\/2"}],"replies":[{"embeddable":true,"href":"https:\/\/ich.md\/index.php?rest_route=%2Fwp%2Fv2%2Fcomments&post=2118"}],"version-history":[{"count":4,"href":"https:\/\/ich.md\/index.php?rest_route=\/wp\/v2\/pages\/2118\/revisions"}],"predecessor-version":[{"id":2123,"href":"https:\/\/ich.md\/index.php?rest_route=\/wp\/v2\/pages\/2118\/revisions\/2123"}],"wp:attachment":[{"href":"https:\/\/ich.md\/index.php?rest_route=%2Fwp%2Fv2%2Fmedia&parent=2118"}],"curies":[{"name":"wp","href":"https:\/\/api.w.org\/{rel}","templated":true}]}}