{"id":2142,"date":"2016-08-25T13:30:15","date_gmt":"2016-08-25T09:30:15","guid":{"rendered":"http:\/\/ich.md\/?page_id=2142"},"modified":"2016-08-26T09:10:22","modified_gmt":"2016-08-26T05:10:22","slug":"raport-pentru-anul-2015","status":"publish","type":"page","link":"https:\/\/ich.md\/?page_id=2142","title":{"rendered":"Institutul Patrimoniului Cultural a f\u0103cut totalurile pentru anul 2015"},"content":{"rendered":"<p style=\"text-align: center;\"><a title=\"View IPC_raport_2015 (1) on Scribd\" href=\"https:\/\/www.scribd.com\/document\/322165647\/IPC-raport-2015-1#from_embed\">IPC_raport_2015 (1)<\/a><\/p>\n<p style=\"text-align: center;\"><iframe loading=\"lazy\" id=\"doc_81072\" class=\"scribd_iframe_embed\" src=\"https:\/\/www.scribd.com\/embeds\/322165647\/content?start_page=1&amp;view_mode=scroll&amp;show_recommendations=true\" width=\"100%\" height=\"600\" frameborder=\"0\" scrolling=\"no\" data-auto-height=\"false\" data-aspect-ratio=\"undefined\"><\/iframe><\/p>\n<p style=\"text-align: justify;\"><strong>\u00a0<\/strong>La 21 ianuarie 2016, \u00een cadrul \u0219edin\u021bei Sec\u021biei \u0218tiin\u021be Umanistice \u0219i Arte a Academiei de \u0218tiin\u021be a Moldovei, Institutul Patrimoniului Cultural a f\u0103cut totalurile cu privire la activitatea \u0219tiin\u021bific\u0103 \u0219i inova\u021bional\u0103 \u00een anul 2015. Directorul IPC, dr. hab. Victor Ghila\u0219 a prezentat un raport succint privind activitatea institutului, care este format din trei centre: Centrul de Arheologie, Centrul de Etnologie \u0219i Centrul Studiul Artelor.<\/p>\n<p style=\"text-align: justify;\">\u015eedin\u0163a S\u015eUA a fost moderat\u0103 de coordonatorul sec\u0163iei, dr. hab. Victor \u0162vircun. La \u015fedin\u0163\u0103 au participat pre\u015fedintele A\u015eM, acad. Gheorghe Duca, prim-vicepre\u015fedintele A\u015eM acad. Ion Tighineanu, vicepre\u015fedintele A\u015eM m. cor. Ion Guceac.<\/p>\n<p style=\"text-align: justify;\">Domnia sa a men\u021bionat c\u0103 cei 81 de cercet\u0103tori \u0219tiin\u021bific titulari ai institutului, dintre care 45 de doctori \u00een \u0219tiin\u021be, 9 doctori habilita\u021bi, 25 de tineri p\u00e2n\u0103 la 35 de ani (25%), au desf\u0103\u015furat \u00een anul 2015 cercet\u0103ri \u015ftiin\u0163ifice fundamentale \u00een cadrul a trei proiecte institu\u0163ionale: <em>Structuri \u015fi interferen\u0163e culturale din spa\u0163iul est-carpatic din cele mai vechi timpuri p\u00e2n\u0103 \u00een epoca modern\u0103 <\/em>(director de proiect dr. hab. O. Levi\u021bki), <em>Interferen\u0163e culturale europene \u00een arta din Republica Moldova. <\/em><em>Studii de istoria \u015fi teoria artelor <\/em>(director de proiect dr. hab. T. Stavil\u0103), <em>Valorificarea pluridimensional\u0103 a patrimoniului etnocultural ca factor al armoniz\u0103rii \u015fi dezvolt\u0103rii societ\u0103\u0163ii Republicii Moldova <\/em>(director de proiect dr. S. Procop). Totodat\u0103, a fost finalizat proiectul pentru tineri cercet\u0103tori (2014\u20132015): <em>Cercetarea necropolei cre\u0219tine de la Lozova din perioada constituirii statului medieval moldovenesc <\/em>(director de proiect dr. Ion Ursu) \u0219i proiectul interna\u021bional (2014\u20132015): <em>Salvgardarea patrimoniului imaterial al romilor din Republica Moldova, amenin\u0163at de volatilizarea colec\u0163iilor individuale inexplorate<\/em> (director de proiect dr. Ion Duminica).<\/p>\n<p style=\"text-align: justify;\">Amintim c\u0103 principalii beneficiari ai rezultatelor cercet\u0103rilor sunt Ministerul Culturii al Republicii Moldova, Agen\u021bia Turismului, Agen\u021bia Na\u021bional\u0103 Arheologic\u0103, Agen\u021bia de Inspectare \u0219i Restaurare a Monumentelor, Biroul de Rela\u0163ii Interetnice, institu\u0163iile de \u00eenv\u0103\u0163\u0103m\u00e2nt preuniversitar (gimnazii, licee, colegii) \u0219i universitar (Universitatea de Stat din Moldova, Universitatea Pedagogic\u0103 de Stat \u201eI. Creang\u0103\u201d, Academia de Muzic\u0103, Teatru \u0219i Arte Plastice, universit\u0103\u021bile din B\u0103l\u021bi, Comrat, Tiraspol), administra\u0163ia public\u0103 local\u0103, uniunile de crea\u021bie (Uniunea Arti\u0219tilor Plastici, Uniunea Compozitorilor \u015fi Muzicologilor, Uniunea Muzicienilor, Asocia\u021bia Etnologilor \u0219.a.), ONG-urile \u0219i asocia\u021biile ob\u0219te\u0219ti, cu care se conlucreaz\u0103 la diferite nivele \u00een vederea protec\u021biei patrimoniului cultural-artistic al \u021b\u0103rii \u0219.a.<\/p>\n<p style=\"text-align: justify;\">\u00cen noul an cercet\u0103torii au intrat cu realiz\u0103ri frumoase, care caracterizeaz\u0103 activitatea \u00een cadrul proiectelor. Astfel, au fost publicate cele trei reviste fondate de institut, \u0219i anume \u201eRevista Arheologic\u0103\u201d, \u201eRevista de Etnologie \u0219i Culturologie\u201d (volumele XVII\u2013XVIII), revista \u201eARTA\u201d (seria arte vizuale \u0219i arte audiovizuale). De asemenea, au fost editate opt monografii \u00een edituri na\u021bionale, dou\u0103 culegeri na\u021bionale, inclusiv Rezumatele comunic\u0103rilor conferin\u021bei interna\u021bionale \u201eProbleme actuale ale arheologiei, etnologiei \u0219i studiului artelor\u201d (Chi\u0219in\u0103u, 26-28 mai 2015), ajuns\u0103 la cea de-a VII-a edi\u021bie. Au fost editate un dic\u021bionar, trei manuale, 112 articole \u00een reviste <em>Categoria B<\/em>, un articol \u00een revista <em>Categoria A<\/em> \u0219i 17 articole \u00een reviste <em>Categoria C<\/em>. \u00cen revistele din str\u0103in\u0103tate au fost publicate 33 de articole, 28 de materiale \u00een culegeri interna\u021bionale, 58 de rapoarte ale conferin\u021belor interna\u021bionale \u0219i 137 de rezumate\/teze ale conferin\u021belor. Rezultatele cercet\u0103rilor au fost discutate \u0219i sus\u021binute la 103 de manifest\u0103ri \u0219tiin\u021bifice na\u021bionale \u0219i 180 de foruri interna\u021bionale. \u00cen total, \u00een anul 2015 cercet\u0103torii IPC au publicat 581 de articole, astfel, la fiecare cercet\u0103tor revenind cca 5,01 de publica\u021bii \u0219tiin\u021bifice. Rezultatele cercet\u0103rilor au fost promovate la 166 de emisiuni radio \u0219i TV, publicate \u00een 53 de articole de popularizare a \u0219tiin\u021bei.<\/p>\n<p style=\"text-align: justify;\">Printre cele mai relevante rezultatele vom men\u021biona monografiile elaborate de cercet\u0103torii IPC, \u0219i anume: Valentin Dergaciov \u0219i Olga Larina<strong>. <em>\u041f\u0430\u043c\u044f\u0442\u043d\u0438\u043a\u0438 \u043a\u0443\u043b\u044c\u0442\u0443\u0440\u044b \u041a\u0440\u0438\u0448 \u041c\u043e\u043b\u0434\u043e\u0432\u044b (\u0441 \u043a\u0430\u0442\u0430\u043b\u043e\u0433\u043e\u043c) <\/em><\/strong>(Ch.: Tipografia Central\u0103, 2015, 500 p.), studiul \u00eentregind tabloul evolu\u0163iei comunit\u0103\u0163ilor neolitice \u00een spa\u021biul pruto-nistrean. Victor Ghila\u0219, prin monografia <strong><em>Dimitrie Cantemir-muzicianul \u00een contextul culturii universale<\/em><\/strong> (Ch.: Grafema Libris, 2015, 496 p.), a realizat un studiu complex al mo\u0219tenirii muzicale a lui Dimitrie Cantemir, pu\u021bin cunoscut\u0103 \u0219i investigat\u0103. \u00cen lucrarea sa <strong><em>\u0411\u044a\u043b\u0433\u0430\u0440\u0441\u043a\u0438\u0442\u0435 \u043f\u0440\u0435\u0441\u0435\u043b\u043d\u0438\u0446\u0438 \u0432 \u0411\u0435\u0441\u0430\u0440\u0430\u0431\u0438\u044f \u0432 \u043a\u0440\u0430\u044f \u043d\u0430 XVIII &#8211; \u043f\u044a\u0440\u0432\u0430\u0442\u0430 \u043f\u043e\u043b\u043e\u0432\u0438\u043d\u0430 \u043d\u0430 XIX \u0432. \u0432 \u0438\u0441\u0442\u043e\u0440\u0438\u043e\u0433\u0440\u0430\u0444\u0438\u044f\u0442\u0430<\/em><\/strong> (Ch.: Societatea \u015etiin\u0163ific\u0103 a Bulgari\u015ftilor, 2015, 444 p.) Ivan Duminica valorific\u0103 patrimoniul etnocultural al bulgarilor.<\/p>\n<p style=\"text-align: justify;\">Prin intermediul monografiei bilingve <strong><em>Ritualurile calendaristice ale <\/em><\/strong><strong><em>g\u0103g\u0103uzilor: studiu etnolingvistic <\/em><\/strong><strong><em>= <\/em><\/strong><strong><em>Gagauzlar\u0131n kalendar adetleri: etnolingvistika aara\u015ft\u0131rmas\u0131<\/em><\/strong> (Ch.: Gunivas, 2015. 258 p.) \u0415vdochia Soroceanu a realizat \u00een premier\u0103 o cercetare complex\u0103 a obiceiurilor calendaristice g\u0103g\u0103uze, introduc\u00e2nd \u00een circuitul \u015ftiin\u0163ific terminologia care le reflect\u0103. \u00cen colaborare cu Tatiana \u0218ar\u0219ov, aceea\u0219i autoare a editat dic\u021bionarul\u00a0 <strong><em>Lingvistik<\/em><\/strong><strong><em>a<\/em><\/strong><strong><em>\u00a0 Terminneri\u00a0 Dan\u0131\u015fma S\u00f6zl\u00fc\u00fc: gagauz\u00e7a-rus\u00e7a-rom\u0131nca<\/em><\/strong><strong> \/ <em>P<\/em><\/strong><strong><em>\u0443\u0441\u0441\u043a\u043e<\/em><\/strong><strong><em>-\u0433\u0430\u0433\u0430\u0443\u0437<\/em><\/strong><strong><em>\u0441\u043a\u043e<\/em><\/strong><strong><em>&#8211;<\/em><\/strong><strong><em>\u0440\u0443\u043c\u044b\u043d\u0441\u043a\u0438\u0439 <\/em><\/strong><strong><em>\u0441\u043b\u043e\u0432\u0430\u0440\u044c-\u0441\u043f\u0440\u0430\u0432\u043e\u0447\u043d\u0438\u043a <\/em><\/strong><strong><em>\u043b\u0438\u043d\u0433\u0432\u0438\u0441\u0442\u0438\u0447\u0435\u0441\u043a\u0438\u0445 \u0442\u0435\u0440\u043c\u0438\u043d\u043e\u0432<\/em><\/strong> <strong>\/ <\/strong><strong><em>Dic\u0163ionar-\u00eendrumar <\/em><\/strong><strong><em>de <\/em><\/strong><strong><em>termeni lingvistici: rom\u00e2n-rus-g\u0103g\u0103uz<\/em><\/strong> (\u0421h.: CEP USM, 2015, 312 p.). Dic\u0163ionarul include termeni lingvistici ai limbilor g\u0103g\u0103uz\u0103, rus\u0103 \u015fi rom\u00e2n\u0103, fiind standardiza\u021bi termenii limbii g\u0103g\u0103uze ca limb\u0103 scris\u0103 nou creat\u0103. Men\u021bion\u0103m valoarea aplicativ\u0103 a dic\u021bionarului, care, fiind publicat \u00een 10000 de exemplare, a ajuns \u00een toate bibliotecile \u0219i \u0219colile din satele g\u0103g\u0103uze.<\/p>\n<p style=\"text-align: justify;\">\u00cen anul 2015, IPC a organizat 16 manifest\u0103ri \u0219tiin\u021bifice (conferin\u021be, mese rotunde, lans\u0103ri de carte), locul de frunte revenind forurilor \u0219tiin\u021bifice interna\u021bionale: conferin\u021ba \u0219tiin\u021bific\u0103 anual\u0103 a IPC \u201eProbleme actuale ale arheologiei, etnologiei \u0219i studiul artelor\u201d, edi\u021bia a VII-a (26-28 mai 2015), prima mas\u0103 rotund\u0103 moldo-ungar\u0103 <em>Arheologia evului mediu timpuriu \u00een spa\u0163iul Europei de Est<\/em>\u201d \/ <em>The first Moldavian-Hungarian Arhaeological Round Table on the Early Medieval Ages in East Europe <\/em>(Chi\u0219in\u0103u, 10 iunie 2015), Conferin\u0163a romologic\u0103 interna\u0163ional\u0103 \u201e2015 Gypsy Lore Society Annual Meeting and Conference on Romani Studies\u201d (10-12 septembrie) \u0219i simpozionul interna\u021bional \u201eMonumentul. Tradi\u021bie \u0219i viitor\u201d, edi\u021bia a XVII-a (Ia\u0219i-Chi\u0219in\u0103u-Cern\u0103u\u021bi, 2-4 octombrie 2015), lucr\u0103rile simpozionului desf\u0103\u0219ur\u00e2ndu-se \u00een data de 2 octombrie la Academia de \u0218tiin\u021be a Moldovei.<\/p>\n<p style=\"text-align: justify;\">C\u00e2t prive\u0219te rela\u021biile cu institu\u021biile de \u00eenv\u0103\u021b\u0103m\u00e2nt superior \u0219i \u0218coala doctoral\u0103, subliniem c\u0103 Institutul Patrimoniului Cultural face parte din consor\u021biul UnA\u0218M. La institut \u00ee\u0219i fac studiile 26 doctoranzi, un postdoctorand, \u00een 2015 au finisat programul de studii cinci doctoranzi. Au fost sus\u021binute dou\u0103 teze de doctor, specialitatea 612.01 \u2013 <em>Etnologie <\/em>(Natalia Gr\u0103dinaru, Ludmila Moisei). A fost nostrificat\u0103 o tez\u0103 de doctor \u00een istorie, sus\u0163inut\u0103 \u00een 2014 \u00een Bulgaria (dr. Ivan Duminica). \u00cen 2015 au fost \u00eenmatricula\u021bi 5 studen\u021bi la studii prin doctorat (specialit\u0103\u021bile etnologie, arheologie, arta muzical\u0103) \u0219i un postdoctorat (Teoria \u0219i istoria arhitecturii). Cercet\u0103torii IPC au elaborat\/predat \u00een anul de referin\u021b\u0103 25 de cursuri la USM, Universitatea din Comrat, UTM, UPS \u201eI. Creang\u0103\u201d, ASEM, \u0219.a. A fost ob\u021binut un titlu de conferen\u021biar cercet\u0103tor (L. P\u00eern\u0103u), cinci persoane abilitate cu dreptul de conduc\u0103tor\/consultant al tezelor de doctor (A.-M. Pl\u0103m\u0103deal\u0103, L. Toma, V. Vornic, A. Ghila\u0219, L. Condraticova).<\/p>\n<p style=\"text-align: justify;\">\u00cen anul 2015, pentru merite deosebite, cercet\u0103torii Institutului Patrimoniului Cultural,\u00a0 au ob\u021binut: Premiul A\u0218M Realiz\u0103ri \u0219tiin\u021bifice valoroase (dr. hab. A.-M. Pl\u0103m\u0103deal\u0103, D. Ol\u0103rescu, V. Tipa), Premiul A\u0218M realiz\u0103ri \u0219tiin\u021bifice valoroase ale tinerilor cercet\u0103tori (I. Ursu), Premiul Na\u021bional (A.-M. Pl\u0103m\u0103deal\u0103, V. Tipa, L. Toma), Medalia \u201eDimitrie Cantemir\u201d (E. Koroliova), Diploma de recuno\u0219tin\u021b\u0103 a A\u0218M (V. Ghila\u0219, V. Tipa, D. Ol\u0103rescu,\u00a0 S. Procop), Diplom\u0103 de onoare a A\u0218M (L. Condraticova), Diploma de merit a A\u0218M (S. Agulnicov), Diploma A\u0218M (A. Ceastina), Premiul pentru critica de art\u0103 a Uniunii Arti\u015ftilor Plastici (T. Stavil\u0103), Premiul municipal pentru Tineret \u00een domeniul \u015etiin\u0163ei (etnologie) (Ivan Duminica), Diploma CNAA (V. Tipa), Distinc\u0163ie \u201e\u041f\u0430\u0438\u0441\u0438\u0439 \u0425\u0438\u043b\u0435\u043d\u0434\u0430\u0440\u0441\u043a\u0438\u0439\u201d al Agen\u0163iei de Stat pentru bulgari de pretutindeni pentru promovarea istoriei \u015fi culturii poporului bulgar (N. Cara), Laureat al ziarului \u201eLiteratura \u015fi Arta\u201d pentru anul 2015 (D. Ol\u0103rescu, M. \u0218lapac) \u0219i Laureat al Premiului Ministerului Culturii \u201e\u015etefan Ciobanu\u201d (T. Stavil\u0103).<\/p>\n<p style=\"text-align: justify;\">\u00cen anul 2015, cercet\u0103torii institutului au r\u0103spuns la solicit\u0103rile Guvernului Republicii Moldova, Ministerul Culturii, Ministerul Muncii, Ministerul Educa\u0163iei, comisii parlamentare, Agen\u0163ia Turismului, autorit\u0103\u0163ile publice locale, Comisia Na\u0163ional\u0103 de Heraldic\u0103, fiind elaborate cca 72 de avize \u0219i recomand\u0103ri.<\/p>\n<p style=\"text-align: justify;\">\u00cen vederea organiz\u0103rii comune a manifest\u0103rilor \u0219tiin\u021bifice interna\u021bionale, schimbului de publica\u021bii \u0219tiin\u021bifice, stagii ale cercet\u0103torilor, \u00een anul 2015 au fost semnate 10 acorduri de colaborare \u00eentre IPC \u0219i Complexul Muzeal Na\u021bional \u201eMoldova\u201d (Ia\u0219i, Rom\u00e2nia), Institutul de Arheologie \u201eVasile P\u00e2rvan\u201d, Academia Rom\u00e2n\u0103 (Bucure\u0219ti, Rom\u00e2nia), Muzeul de Etnografie (Sankt Petersburg, Federa\u021bia Rus\u0103), Institutul de Istoria \u0219i Teoria Artelor \u201eGeorge Oprescu\u201d, Academia Rom\u00e2n\u0103 (Bucure\u0219ti, Rom\u00e2nia), Facultatea de istorie a Universit\u0103\u021bii din Bucure\u0219ti (Rom\u00e2nia), Universitatea din or. Melitopol, Ucraina \u0219.a.<\/p>\n<p style=\"text-align: justify;\">P\u0103\u0219ind \u00eentr-un nou an de cercetare, ne-am trasat o serie de obiective \u0219i direc\u021bii de cercetare, printre care consolidarea \u0219i coordonarea eforturilor \u00een vederea bunei desf\u0103\u0219ur\u0103ri \u0219i realiz\u0103ri a proiectelor institu\u021bionale de cercetare pentru anii 2015-2018 cu orientarea spre realizarea obiectivelor definite la nivel na\u021bional prin ,,Strategia de dezvoltare a cercet\u0103rii-inov\u0103rii 2020: Moldova cunoa\u0219terii\u201d; valorificarea noilor oportunit\u0103\u021bi oferite de programul-cadru european ,,Orizont\u00a0 2020\u201d, \u201eEuropa creativ\u0103\u201d; monitorizarea activit\u0103\u021bii de cercetare \u00een subdiviziunile de cercetare \u0219tiin\u021bific\u0103 (arheologie, etnologie, studiul artelor), urm\u0103rirea rezultatelor intermediare \u00een scopul controlului calit\u0103\u021bii, identific\u0103rii performan\u021belor, stabilirii domeniilor de aplicabilitate (cercetare-dezvoltare, cultur\u0103, \u00eenv\u0103\u021b\u0103m\u00e2nt, alte activit\u0103\u021bi profesionale din domeniul patrimoniului cultural na\u021bional), a modalit\u0103\u021bilor de valorificare; promovarea \u00een continuare a excelen\u021bei \u0219tiin\u021bifice \u00een r\u00e2ndul cercet\u0103torilor; asigurarea unui cadru optim dezvolt\u0103rii eficiente a resursei umane la nivelul structurilor institu\u021bionale de cercetare (prin studii de doctorat, postdoctorat); \u00eembun\u0103t\u0103\u021birea capacit\u0103\u021bii manageriale a personalului administrativ ce ocup\u0103 pozi\u021bii decizionale prin promovarea unor cuno\u0219tin\u021be \u0219i instrumente moderne de management; urm\u0103rirea \u0219i verificarea permanent\u0103 a utiliz\u0103rii eficiente de c\u0103tre cercet\u0103tori a programului de lucru, angajarea fiec\u0103rui colaborator \u00een rezolvarea operativ\u0103, competent\u0103 \u0219i de calitate a sarcinilor \u00eencredin\u021bate; sporirea vizibilit\u0103\u021bii cercet\u0103rii \u0219i a rezultatelor ob\u021binute prin promovarea acestora \u00een mass media, pagina web \u0219i pe site-ul institu\u021biei \u0219.a.<\/p>\n","protected":false},"excerpt":{"rendered":"<p>IPC_raport_2015 (1) \u00a0La 21 ianuarie 2016, \u00een cadrul \u0219edin\u021bei Sec\u021biei \u0218tiin\u021be Umanistice \u0219i Arte a Academiei de \u0218tiin\u021be a Moldovei, Institutul Patrimoniului Cultural a f\u0103cut<span class=\"read-more-link\"><a class=\"read-more\" href=\"https:\/\/ich.md\/?page_id=2142\">Read More<\/a><\/span><\/p>\n","protected":false},"author":2,"featured_media":0,"parent":0,"menu_order":0,"comment_status":"closed","ping_status":"closed","template":"","meta":[],"_links":{"self":[{"href":"https:\/\/ich.md\/index.php?rest_route=\/wp\/v2\/pages\/2142"}],"collection":[{"href":"https:\/\/ich.md\/index.php?rest_route=\/wp\/v2\/pages"}],"about":[{"href":"https:\/\/ich.md\/index.php?rest_route=\/wp\/v2\/types\/page"}],"author":[{"embeddable":true,"href":"https:\/\/ich.md\/index.php?rest_route=\/wp\/v2\/users\/2"}],"replies":[{"embeddable":true,"href":"https:\/\/ich.md\/index.php?rest_route=%2Fwp%2Fv2%2Fcomments&post=2142"}],"version-history":[{"count":8,"href":"https:\/\/ich.md\/index.php?rest_route=\/wp\/v2\/pages\/2142\/revisions"}],"predecessor-version":[{"id":2162,"href":"https:\/\/ich.md\/index.php?rest_route=\/wp\/v2\/pages\/2142\/revisions\/2162"}],"wp:attachment":[{"href":"https:\/\/ich.md\/index.php?rest_route=%2Fwp%2Fv2%2Fmedia&parent=2142"}],"curies":[{"name":"wp","href":"https:\/\/api.w.org\/{rel}","templated":true}]}}